{"id":341,"date":"2020-01-13T13:40:13","date_gmt":"2020-01-13T12:40:13","guid":{"rendered":"http:\/\/gwgyaakhw.preview.infomaniak.website\/?page_id=341"},"modified":"2025-11-02T14:03:59","modified_gmt":"2025-11-02T13:03:59","slug":"mirjam","status":"publish","type":"page","link":"https:\/\/mirjamlandolt.com\/de\/mirjam\/","title":{"rendered":"mirjam"},"content":{"rendered":"<p>[et_pb_section fb_built=\u00a0\u00bb1&Prime; custom_padding_last_edited=\u00a0\u00bbon|tablet\u00a0\u00bb _builder_version=\u00a0\u00bb4.16&Prime; background_color=\u00a0\u00bb#fffffb\u00a0\u00bb custom_margin=\u00a0\u00bb||||true|true\u00a0\u00bb custom_margin_tablet=\u00a0\u00bb10%|5%|10%|5%|true|true\u00a0\u00bb custom_margin_phone=\u00a0\u00bb10%|6%|10%|6%|true|true\u00a0\u00bb custom_margin_last_edited=\u00a0\u00bbon|tablet\u00a0\u00bb custom_padding=\u00a0\u00bb8%||5%||false|true\u00a0\u00bb custom_padding_tablet=\u00a0\u00bb\u00a0\u00bb custom_padding_phone=\u00a0\u00bb0%||||false|true\u00a0\u00bb global_colors_info=\u00a0\u00bb{}\u00a0\u00bb][et_pb_row custom_padding_last_edited=\u00a0\u00bbon|desktop\u00a0\u00bb _builder_version=\u00a0\u00bb4.16&Prime; width=\u00a0\u00bb100%\u00a0\u00bb max_width=\u00a0\u00bb2560px\u00a0\u00bb custom_margin=\u00a0\u00bb||||true|true\u00a0\u00bb custom_padding=\u00a0\u00bb|15%||15%|false|true\u00a0\u00bb custom_padding_tablet=\u00a0\u00bb5%|5%|5%|5%|true|false\u00a0\u00bb custom_padding_phone=\u00a0\u00bb\u00a0\u00bb global_colors_info=\u00a0\u00bb{}\u00a0\u00bb][et_pb_column type=\u00a0\u00bb4_4&Prime; _builder_version=\u00a0\u00bb4.16&Prime; global_colors_info=\u00a0\u00bb{}\u00a0\u00bb][et_pb_text _builder_version=\u00a0\u00bb4.16&Prime; ul_font=\u00a0\u00bbPublic Sans||||||||\u00a0\u00bb ul_text_align=\u00a0\u00bbleft\u00a0\u00bb header_font_size=\u00a0\u00bb50px\u00a0\u00bb header_2_font=\u00a0\u00bbPublic Sans||||||||\u00a0\u00bb header_2_font_size=\u00a0\u00bb1.5vw\u00a0\u00bb header_2_line_height=\u00a0\u00bb1.3em\u00a0\u00bb custom_margin=\u00a0\u00bb||||true|true\u00a0\u00bb custom_padding=\u00a0\u00bb||||true|true\u00a0\u00bb header_font_size_tablet=\u00a0\u00bb\u00a0\u00bb header_font_size_phone=\u00a0\u00bb35px\u00a0\u00bb header_font_size_last_edited=\u00a0\u00bbon|phone\u00a0\u00bb header_2_font_size_tablet=\u00a0\u00bb4vw\u00a0\u00bb header_2_font_size_phone=\u00a0\u00bb5vw\u00a0\u00bb header_2_font_size_last_edited=\u00a0\u00bbon|phone\u00a0\u00bb global_colors_info=\u00a0\u00bb{}\u00a0\u00bb]<\/p>\n<h1>Ich besch\u00e4ftige mich damit, Bilder die mir auf meinem Weg begegnen zu beobachten, hinterfragen und aufzunehmen. Um zwischen ihnen einen Dialog zu kreieren und so Geschichten zu erz\u00e4hlen...<\/h1>\n<p>[\/et_pb_text][\/et_pb_column][\/et_pb_row][et_pb_row column_structure=\u00a0\u00bb1_2,1_2&Prime; use_custom_gutter=\u00a0\u00bbon\u00a0\u00bb gutter_width=\u00a0\u00bb2&Prime; _builder_version=\u00a0\u00bb4.16&Prime; width=\u00a0\u00bb100%\u00a0\u00bb max_width=\u00a0\u00bb2560px\u00a0\u00bb custom_margin=\u00a0\u00bb||||false|false\u00a0\u00bb custom_padding=\u00a0\u00bb|10%|||false|false\u00a0\u00bb global_colors_info=\u00a0\u00bb{}\u00a0\u00bb][et_pb_column type=\u00a0\u00bb1_2&Prime; _builder_version=\u00a0\u00bb4.16&Prime; global_colors_info=\u00a0\u00bb{}\u00a0\u00bb][et_pb_image src=\u00a0\u00bbhttps:\/\/new.mirjamlandolt.com\/wp-content\/uploads\/2021\/05\/Wurzel_NB_R1-05270-0006.jpg\u00a0\u00bb title_text=\u00a0\u00bbWurzel_NB_R1-05270-0006&Prime; admin_label=\u00a0\u00bbImage\u00a0\u00bb _builder_version=\u00a0\u00bb4.16&Prime; custom_margin=\u00a0\u00bb||0px||false|false\u00a0\u00bb custom_padding=\u00a0\u00bb||0px||false|false\u00a0\u00bb global_colors_info=\u00a0\u00bb{}\u00a0\u00bb][\/et_pb_image][et_pb_text _builder_version=\u00a0\u00bb4.16&Prime; _module_preset=\u00a0\u00bbdefault\u00a0\u00bb custom_margin=\u00a0\u00bb0px||||false|false\u00a0\u00bb custom_padding=\u00a0\u00bb0px||||false|false\u00a0\u00bb global_colors_info=\u00a0\u00bb{}\u00a0\u00bb]<\/p>\n<p style=\"text-align: right;\">mirjam \u00a9 2021, susanne hefti<\/p>\n<p>[\/et_pb_text][\/et_pb_column][et_pb_column type=\u00a0\u00bb1_2&Prime; _builder_version=\u00a0\u00bb4.16&Prime; global_colors_info=\u00a0\u00bb{}\u00a0\u00bb][et_pb_text _builder_version=\u00a0\u00bb4.16&Prime; ul_font=\u00a0\u00bbPublic Sans||||||||\u00a0\u00bb ul_text_align=\u00a0\u00bbleft\u00a0\u00bb header_2_font=\u00a0\u00bbPublic Sans||||||||\u00a0\u00bb header_2_font_size=\u00a0\u00bb1.5vw\u00a0\u00bb header_2_line_height=\u00a0\u00bb1.3em\u00a0\u00bb custom_margin=\u00a0\u00bb||||true|true\u00a0\u00bb custom_padding=\u00a0\u00bb3%||||false|true\u00a0\u00bb header_2_font_size_tablet=\u00a0\u00bb4vw\u00a0\u00bb header_2_font_size_phone=\u00a0\u00bb5vw\u00a0\u00bb header_2_font_size_last_edited=\u00a0\u00bbon|phone\u00a0\u00bb border_width_top=\u00a0\u00bb2px\u00a0\u00bb border_width_bottom=\u00a0\u00bb-1px\u00a0\u00bb global_colors_info=\u00a0\u00bb{}\u00a0\u00bb]<\/p>\n<p>... mit bewegtem und unbewegten Bildern. Vorzugsweise, wenn Licht sie auf einem physikalischen Medium wie Film oder Papier entstehen l\u00e4sst. Themen, die mir am Herzen liegen und die ich hinterfrage, drehen sich um Natur, Gemeinschaften, Gewohnheiten, Rituale und die Verschmelzung von Realit\u00e4t und Imagin\u00e4rem, welche Bilder zu kreieren wissen.<\/p>\n<p>Meine Reise begann 1983 in der Region Luzern, in der N\u00e4he des Sees und umgeben von Bergen. 2002 landete ich am Genfersee, wo ich mich zur Fotografin ausbilden liess. Anschliessend habe ich mich auf Reisen begeben um andere Kulturen, Menschen, Sprachen und Horizonte zu entdecken. Zur\u00fcck gekommen bin ich mit dem Wunsch, die filmische Sprache zu erlernen. 2012 habe ich mein Filmstudium an der HEAD in Genf mit einem Bachelor abgeschlossen. Heute, zahlreiche Drehehrfahrungen und Reisen sp\u00e4ter, setzte ich meine Projekte und Zusammenarbeiten rund ums Bild fort.<\/p>\n<p>[\/et_pb_text][et_pb_text _builder_version=\u00a0\u00bb4.21.0&Prime; custom_padding=\u00a0\u00bb3%||3%|0%|true|false\u00a0\u00bb hover_enabled=\u00a0\u00bb0&Prime; border_width_top=\u00a0\u00bb2px\u00a0\u00bb border_width_bottom=\u00a0\u00bb2px\u00a0\u00bb global_colors_info=\u00a0\u00bb{}\u00a0\u00bb sticky_enabled=\u00a0\u00bb0&Prime;]<\/p>\n<p>Ich bin Mitglied bei <a href=\"https:\/\/filmzentralschweiz.ch\" target=\"_blank\" rel=\"noopener noreferrer\"><span>Film Zentralschweiz<\/span><\/a>, <a href=\"https:\/\/visarte.ch\/de\/\" target=\"_blank\" rel=\"noopener noreferrer\"><span>Visarte<\/span><\/a>, beim <a href=\"https:\/\/www.stattkino.ch\/mitglied-werden\">STATTKINO<\/a> und bei der <a href=\"https:\/\/mglu.ch\">Mykologischen Gesellschaft Luzern<\/a>.<\/p>\n<p>[\/et_pb_text][et_pb_text _builder_version=\u00a0\u00bb4.16&Prime; custom_padding=\u00a0\u00bb3%||3%|0%|true|false\u00a0\u00bb border_width_top=\u00a0\u00bb2px\u00a0\u00bb border_width_bottom=\u00a0\u00bb2px\u00a0\u00bb global_colors_info=\u00a0\u00bb{}\u00a0\u00bb]<\/p>\n<p><span>2021<span class=\"Apple-tab-span\"> <\/span><br \/><\/span><span>\u2605<\/span><span><b>K\u00fcnstlerresidenz<\/b> \u00e0 Sofia, Bulgarie, de la fondation <b>Landis&amp;Gyr<\/b><\/span><span><b><br \/><\/b><\/span><span>\u2605<\/span><span><b>K\u00fcnstlerresidenz <\/b>im <a href=\"https:\/\/nairs.ch\/de\/kuenstlerhaus\/\"><b>NAIRS <\/b><\/a>in Scuol, Schweiz<br \/><\/span><span>\u2605<\/span><strong>Innerschweizer Filmpreis\u00a0<\/strong>von der <a href=\"https:\/\/www.aks-stiftung.ch\/film\">Albert Koechlin Stiftung<\/a><span>\u00a0f\u00fcr<b>\u00a0Rara Avis<br \/><\/b><\/span><span>\u2605<\/span><span><b>Werkbeitrag <\/b><\/span>von der <a href=\"http:\/\/www.aks-stiftung.ch\/projekte\/kultur\/filmfoerderung\">Albert Koechlin Stiftung<\/a><span><b><span class=\"Apple-converted-space\">\u00a0\u00a0<\/span><\/b><\/span><\/p>\n<p><span>2020<span class=\"Apple-tab-span\"><br \/><\/span><\/span><span>\u2605 Gewinnerin des <strong>Innerschweizer Nachwuchs-Kurzfilmwettbewerb\u2028s<\/strong>, <a href=\"http:\/\/www.aks-stiftung.ch\/projekte\/kultur\/filmfoerderung\">Albert Koechlin Stiftung<\/a> f\u00fcr\u00a0<b>SN\u00c0TH<\/b><b><br \/><\/b><\/span><span>\u2605<\/span><b>K\u00fcnstlerresidenz <\/b>in der <a href=\"https:\/\/bibliothekandreaszuest.net\/fr\/residence\"><strong>Bibliothek Andreas Z\u00fcst <\/strong><\/a>in St. Anton, Schweiz.<br \/><span>\u2605<\/span><span> <b>K\u00fcnstlerresidenz<\/b><\/span>\u00a0im <b><a href=\"https:\/\/klosterdornach.ch\/kulturprogramm\">Kloster Dornach<\/a><br \/><\/b><span>\u2605<\/span><span> <\/span><a href=\"http:\/\/www.pfeifermobil.ch\/de\/portfolio-items\/mirjam-landolt\/\"><b>PfeiferMobil-Residenz<\/b><\/a>, Otto Pfeifer Stiftung, Luzern<span><span class=\"Apple-tab-span\"> <\/span><\/span><\/p>\n<p>2019<span class=\"Apple-tab-span\"><br \/><\/span><span>\u2605<\/span><strong>K\u00fcnstlerresidenz<\/strong><b> d&rsquo;artiste<\/b> vom Kanton Schwyz in <b>Berlin<\/b>, Deutschland<br \/><span>\u2605<\/span><span><strong>Werkbeitrag<\/strong> f\u00fcr<\/span> <b>galopp richtung freiheit <\/b><i>vom Kanton Schwyz<\/i><\/p>\n<p>2016<span class=\"Apple-tab-span\"><br \/><\/span><span>\u2605<\/span><span><strong>Werkbeitrag<\/strong> f\u00fcr<\/span> <b>Rara Avis <\/b><i>vom Kanton Schwyz<\/i><\/p>\n<p>[\/et_pb_text][\/et_pb_column][\/et_pb_row][\/et_pb_section]<\/p>","protected":false},"excerpt":{"rendered":"<p>J\u2019aime observer, questionner et enregistrer les images que je rencontre sur ma route, les faire r\u00e9sonner entre elles pour raconter des histoires&#8230;mirjam \u00a9 2021, susanne hefti&#8230; avec des images en mouvement et \u00e0 l&rsquo;arr\u00eat. De pr\u00e9f\u00e9rence quand la lumi\u00e8re les rend visibles sur un support physique, comme la pellicule ou le papier. Les th\u00e8mes qui [&hellip;]<\/p>","protected":false},"author":1,"featured_media":0,"parent":0,"menu_order":0,"comment_status":"closed","ping_status":"closed","template":"","meta":{"_et_pb_use_builder":"on","_et_pb_old_content":"","_et_gb_content_width":"","footnotes":""},"class_list":["post-341","page","type-page","status-publish","hentry"],"yoast_head":"<!-- This site is optimized with the Yoast SEO plugin v23.9 - https:\/\/yoast.com\/wordpress\/plugins\/seo\/ -->\n<title>mirjam - Mirjam Landolt<\/title>\n<meta name=\"description\" content=\"Mirjam Landolt est cin\u00e9aste et artiste visuelle. N\u00e9e 1983 en Suisse. Elle travaille avec les images film\u00e9s, photographi\u00e9s et le cyanotype.\" \/>\n<meta name=\"robots\" content=\"index, follow, max-snippet:-1, max-image-preview:large, max-video-preview:-1\" \/>\n<link rel=\"canonical\" href=\"https:\/\/mirjamlandolt.com\/de\/mirjam\/\" \/>\n<meta property=\"og:locale\" content=\"de_DE\" \/>\n<meta property=\"og:type\" content=\"article\" \/>\n<meta property=\"og:title\" content=\"mirjam - Mirjam Landolt\" \/>\n<meta property=\"og:description\" content=\"Mirjam Landolt est cin\u00e9aste et artiste visuelle. N\u00e9e 1983 en Suisse. Elle travaille avec les images film\u00e9s, photographi\u00e9s et le cyanotype.\" \/>\n<meta property=\"og:url\" content=\"https:\/\/mirjamlandolt.com\/de\/mirjam\/\" \/>\n<meta property=\"og:site_name\" content=\"Mirjam Landolt\" \/>\n<meta property=\"article:modified_time\" content=\"2025-11-02T13:03:59+00:00\" \/>\n<meta name=\"twitter:card\" content=\"summary_large_image\" \/>\n<meta name=\"twitter:label1\" content=\"Gesch\u00e4tzte Lesezeit\" \/>\n\t<meta name=\"twitter:data1\" content=\"2\u00a0Minuten\" \/>\n<script type=\"application\/ld+json\" class=\"yoast-schema-graph\">{\"@context\":\"https:\/\/schema.org\",\"@graph\":[{\"@type\":\"WebPage\",\"@id\":\"https:\/\/mirjamlandolt.com\/mirjam\/\",\"url\":\"https:\/\/mirjamlandolt.com\/mirjam\/\",\"name\":\"mirjam - Mirjam Landolt\",\"isPartOf\":{\"@id\":\"https:\/\/mirjamlandolt.com\/#website\"},\"datePublished\":\"2020-01-13T12:40:13+00:00\",\"dateModified\":\"2025-11-02T13:03:59+00:00\",\"description\":\"Mirjam Landolt est cin\u00e9aste et artiste visuelle. N\u00e9e 1983 en Suisse. Elle travaille avec les images film\u00e9s, photographi\u00e9s et le cyanotype.\",\"breadcrumb\":{\"@id\":\"https:\/\/mirjamlandolt.com\/mirjam\/#breadcrumb\"},\"inLanguage\":\"de-CH\",\"potentialAction\":[{\"@type\":\"ReadAction\",\"target\":[\"https:\/\/mirjamlandolt.com\/mirjam\/\"]}]},{\"@type\":\"BreadcrumbList\",\"@id\":\"https:\/\/mirjamlandolt.com\/mirjam\/#breadcrumb\",\"itemListElement\":[{\"@type\":\"ListItem\",\"position\":1,\"name\":\"Accueil\",\"item\":\"https:\/\/mirjamlandolt.com\/\"},{\"@type\":\"ListItem\",\"position\":2,\"name\":\"mirjam\"}]},{\"@type\":\"WebSite\",\"@id\":\"https:\/\/mirjamlandolt.com\/#website\",\"url\":\"https:\/\/mirjamlandolt.com\/\",\"name\":\"Mirjam Landolt\",\"description\":\"Portfolio\",\"potentialAction\":[{\"@type\":\"SearchAction\",\"target\":{\"@type\":\"EntryPoint\",\"urlTemplate\":\"https:\/\/mirjamlandolt.com\/?s={search_term_string}\"},\"query-input\":{\"@type\":\"PropertyValueSpecification\",\"valueRequired\":true,\"valueName\":\"search_term_string\"}}],\"inLanguage\":\"de-CH\"}]}<\/script>\n<!-- \/ Yoast SEO plugin. -->","yoast_head_json":{"title":"mirjam - Mirjam Landolt","description":"Mirjam Landolt est cin\u00e9aste et artiste visuelle. N\u00e9e 1983 en Suisse. Elle travaille avec les images film\u00e9s, photographi\u00e9s et le cyanotype.","robots":{"index":"index","follow":"follow","max-snippet":"max-snippet:-1","max-image-preview":"max-image-preview:large","max-video-preview":"max-video-preview:-1"},"canonical":"https:\/\/mirjamlandolt.com\/de\/mirjam\/","og_locale":"de_DE","og_type":"article","og_title":"mirjam - Mirjam Landolt","og_description":"Mirjam Landolt est cin\u00e9aste et artiste visuelle. N\u00e9e 1983 en Suisse. Elle travaille avec les images film\u00e9s, photographi\u00e9s et le cyanotype.","og_url":"https:\/\/mirjamlandolt.com\/de\/mirjam\/","og_site_name":"Mirjam Landolt","article_modified_time":"2025-11-02T13:03:59+00:00","twitter_card":"summary_large_image","twitter_misc":{"Gesch\u00e4tzte Lesezeit":"2\u00a0Minuten"},"schema":{"@context":"https:\/\/schema.org","@graph":[{"@type":"WebPage","@id":"https:\/\/mirjamlandolt.com\/mirjam\/","url":"https:\/\/mirjamlandolt.com\/mirjam\/","name":"mirjam - Mirjam Landolt","isPartOf":{"@id":"https:\/\/mirjamlandolt.com\/#website"},"datePublished":"2020-01-13T12:40:13+00:00","dateModified":"2025-11-02T13:03:59+00:00","description":"Mirjam Landolt est cin\u00e9aste et artiste visuelle. N\u00e9e 1983 en Suisse. Elle travaille avec les images film\u00e9s, photographi\u00e9s et le cyanotype.","breadcrumb":{"@id":"https:\/\/mirjamlandolt.com\/mirjam\/#breadcrumb"},"inLanguage":"de-CH","potentialAction":[{"@type":"ReadAction","target":["https:\/\/mirjamlandolt.com\/mirjam\/"]}]},{"@type":"BreadcrumbList","@id":"https:\/\/mirjamlandolt.com\/mirjam\/#breadcrumb","itemListElement":[{"@type":"ListItem","position":1,"name":"Accueil","item":"https:\/\/mirjamlandolt.com\/"},{"@type":"ListItem","position":2,"name":"mirjam"}]},{"@type":"WebSite","@id":"https:\/\/mirjamlandolt.com\/#website","url":"https:\/\/mirjamlandolt.com\/","name":"Mirjam Landolt","description":"Portfolio","potentialAction":[{"@type":"SearchAction","target":{"@type":"EntryPoint","urlTemplate":"https:\/\/mirjamlandolt.com\/?s={search_term_string}"},"query-input":{"@type":"PropertyValueSpecification","valueRequired":true,"valueName":"search_term_string"}}],"inLanguage":"de-CH"}]}},"_links":{"self":[{"href":"https:\/\/mirjamlandolt.com\/de\/wp-json\/wp\/v2\/pages\/341","targetHints":{"allow":["GET"]}}],"collection":[{"href":"https:\/\/mirjamlandolt.com\/de\/wp-json\/wp\/v2\/pages"}],"about":[{"href":"https:\/\/mirjamlandolt.com\/de\/wp-json\/wp\/v2\/types\/page"}],"author":[{"embeddable":true,"href":"https:\/\/mirjamlandolt.com\/de\/wp-json\/wp\/v2\/users\/1"}],"replies":[{"embeddable":true,"href":"https:\/\/mirjamlandolt.com\/de\/wp-json\/wp\/v2\/comments?post=341"}],"version-history":[{"count":85,"href":"https:\/\/mirjamlandolt.com\/de\/wp-json\/wp\/v2\/pages\/341\/revisions"}],"predecessor-version":[{"id":2393,"href":"https:\/\/mirjamlandolt.com\/de\/wp-json\/wp\/v2\/pages\/341\/revisions\/2393"}],"wp:attachment":[{"href":"https:\/\/mirjamlandolt.com\/de\/wp-json\/wp\/v2\/media?parent=341"}],"curies":[{"name":"wp","href":"https:\/\/api.w.org\/{rel}","templated":true}]}}