{"id":1638,"date":"2020-09-01T13:04:58","date_gmt":"2020-09-01T11:04:58","guid":{"rendered":"http:\/\/mirjamlandolt.com\/?page_id=1638"},"modified":"2025-11-02T14:20:01","modified_gmt":"2025-11-02T13:20:01","slug":"rara-avis","status":"publish","type":"page","link":"https:\/\/mirjamlandolt.com\/de\/rara-avis\/","title":{"rendered":"rara avis"},"content":{"rendered":"<p>[et_pb_section fb_built=\u00a0\u00bb1&Prime; custom_padding_last_edited=\u00a0\u00bbon|tablet\u00a0\u00bb _builder_version=\u00a0\u00bb4.16&Prime; background_color=\u00a0\u00bb#fffffb\u00a0\u00bb custom_margin=\u00a0\u00bb||||false|true\u00a0\u00bb custom_padding=\u00a0\u00bb8%|5%|5%|5%|false|true\u00a0\u00bb custom_padding_tablet=\u00a0\u00bb8%|5%|5%|5%|false|true\u00a0\u00bb custom_padding_phone=\u00a0\u00bb5%||||false|true\u00a0\u00bb global_colors_info=\u00a0\u00bb{}\u00a0\u00bb custom_margin__hover_enabled=\u00a0\u00bbon|desktop\u00a0\u00bb custom_margin__hover=\u00a0\u00bb||||false|true\u00a0\u00bb][et_pb_row column_structure=\u00a0\u00bb3_5,2_5&Prime; custom_padding_last_edited=\u00a0\u00bbon|desktop\u00a0\u00bb _builder_version=\u00a0\u00bb4.16&Prime; width=\u00a0\u00bb100%\u00a0\u00bb max_width=\u00a0\u00bb2560px\u00a0\u00bb custom_margin=\u00a0\u00bb||||true|false\u00a0\u00bb custom_padding=\u00a0\u00bb||||false|false\u00a0\u00bb custom_padding_tablet=\u00a0\u00bb||||false|false\u00a0\u00bb custom_padding_phone=\u00a0\u00bb||||false|false\u00a0\u00bb global_colors_info=\u00a0\u00bb{}\u00a0\u00bb][et_pb_column type=\u00a0\u00bb3_5&Prime; module_class=\u00a0\u00bbsecond-on-mobile\u00a0\u00bb _builder_version=\u00a0\u00bb4.16&Prime; global_colors_info=\u00a0\u00bb{}\u00a0\u00bb][et_pb_code _builder_version=\u00a0\u00bb4.21.0&Prime; custom_margin=\u00a0\u00bb0px||0px||true|false\u00a0\u00bb custom_padding=\u00a0\u00bb0px||0px||true|false\u00a0\u00bb custom_padding_tablet=\u00a0\u00bb0px||0px||false|false\u00a0\u00bb custom_padding_phone=\u00a0\u00bb\u00a0\u00bb custom_padding_last_edited=\u00a0\u00bbon|phone\u00a0\u00bb global_colors_info=\u00a0\u00bb{}\u00a0\u00bb]<iframe loading=\"lazy\" src=\"https:\/\/player.vimeo.com\/video\/905610581?h=b0cf50edc1\" width=\"640\" height=\"360\" frameborder=\"0\" allow=\"autoplay; fullscreen; picture-in-picture\" allowfullscreen><\/iframe>[\/et_pb_code][et_pb_text _builder_version=\u00a0\u00bb4.16&Prime; custom_padding_tablet=\u00a0\u00bb\u00a0\u00bb custom_padding_phone=\u00a0\u00bb2%||||false|false\u00a0\u00bb custom_padding_last_edited=\u00a0\u00bbon|desktop\u00a0\u00bb text_font_size_tablet=\u00a0\u00bb\u00a0\u00bb text_font_size_phone=\u00a0\u00bb12px\u00a0\u00bb text_font_size_last_edited=\u00a0\u00bbon|phone\u00a0\u00bb text_line_height_tablet=\u00a0\u00bb\u00a0\u00bb text_line_height_phone=\u00a0\u00bb1em\u00a0\u00bb text_line_height_last_edited=\u00a0\u00bbon|phone\u00a0\u00bb global_colors_info=\u00a0\u00bb{}\u00a0\u00bb]<\/p>\n<p>rara avis \u2013 trailer \u00a9 2020, mirjam landolt<\/p>\n<p>[\/et_pb_text][\/et_pb_column][et_pb_column type=\u00a0\u00bb2_5&Prime; module_class=\u00a0\u00bbfirst-on-mobile\u00a0\u00bb _builder_version=\u00a0\u00bb4.16&Prime; global_colors_info=\u00a0\u00bb{}\u00a0\u00bb][et_pb_text _builder_version=\u00a0\u00bb4.21.0&Prime; header_font=\u00a0\u00bbDM Sans||||||||\u00a0\u00bb header_font_size=\u00a0\u00bb4vw\u00a0\u00bb custom_padding=\u00a0\u00bb||||false|false\u00a0\u00bb hover_enabled=\u00a0\u00bb0&Prime; header_font_size_tablet=\u00a0\u00bb8vw\u00a0\u00bb header_font_size_phone=\u00a0\u00bb10vw\u00a0\u00bb header_font_size_last_edited=\u00a0\u00bbon|phone\u00a0\u00bb global_colors_info=\u00a0\u00bb{}\u00a0\u00bb sticky_enabled=\u00a0\u00bb0&Prime;]<\/p>\n<h1>rara avis<\/h1>\n<p><span>dokumentarfilm von <span style=\"text-decoration: underline;\">mirjam landolt<\/span>, 2020<\/span><\/p>\n<p><span>\u2605 Vorf\u00fchrung am  13.11.2025 im <a href=\"https:\/\/www.neuneuneu.ch\/info.html\">NEU!<\/a> in Winterthur<br \/>\u2605 im Streaming auf <a href=\"https:\/\/dafilms.com\/film\/14131-rara-avis\">dafilms.com<\/a> und <a href=\"https:\/\/www.artfilm.ch\/rara-avis\">artfilm.ch<\/a><br \/><\/span><span><\/span><\/p>\n<p>[\/et_pb_text][et_pb_text content_tablet=\u00a0\u00bb\u00a0\u00bb content_phone=\u00a0\u00bb<\/p>\n<p>HD \/ Farbe \/ 61 min<br \/> Australie, Papouasie-Nouvelle-Guin\u00e9e, <br \/>\u00celes Salomon<br \/> Produktion VUE SUR MER FILMS<br \/> Unterst\u00fctzt mit dem Werkbeitrag 2016\nvom Kanton Schwyz<br \/> <span>\u2605 <span style=\"%22text-decoration:\" underline;%22>Daten demn\u00e4chst hier<\/span><\/span><\/p>\n<p>\u00a0\u00bb content_last_edited=\u00a0\u00bbon|phone\u00a0\u00bb _builder_version=\u00a0\u00bb4.21.0&Prime; custom_padding=\u00a0\u00bb3%||3%||true|false\u00a0\u00bb link_option_url=\u00a0\u00bbhttps:\/\/www.visionsdureel.ch\/2020\/film\/rara-avis\u00a0\u00bb border_width_top=\u00a0\u00bb2px\u00a0\u00bb border_width_bottom=\u00a0\u00bb2px\u00a0\u00bb global_colors_info=\u00a0\u00bb{}\u00a0\u00bb]<\/p>\n<p>HD \/ Farbe \/ 61 min<br \/>Australie, Papua Neuguinea, Salomon Inseln<br \/>Produktion VUE SUR MER FILMS<br \/>Unterst\u00fctzt mit dem Werkbeitrag 2016\nvom Kanton Schwyz<br \/>\u2605 Selektion 2020 : <a href=\"https:\/\/www.visionsdureel.ch\/de\/2020\/film\/rara-avis\">Visions du R\u00e9el, Nyon, Schweiz<\/a><br \/>\u2605 Selektion 2021 : <a href=\"https:\/\/festival-oneworld.ro\/l\/en\/rara-avis-643\/\">One World Romania International Film Festival<\/a> \/ <a href=\"https:\/\/www.youtube.com\/watch?v=XSP2BVk26QU&amp;list=PL7YiJEf7aeX43eBlH4gJWB-JSWbgmsinE&amp;index=3&amp;t=944s\">Q&amp;A One World Romania<\/a><br \/>\u2605 Preis : <a href=\"https:\/\/www.innerschweizerfilmpreis.ch\/\">Innerschweizer Filmpreis 2021<\/a><br \/>\u2605 Presse : <a href=\"https:\/\/blogs.mediapart.fr\/kate-lerigoleur\/blog\/250520\/cinedoc-bateaux-d-exception-rara-avis\">Kate Lerigoleur, Mediapart<\/a><\/p>\n<p>[\/et_pb_text][et_pb_text _builder_version=\u00a0\u00bb4.16&Prime; custom_margin=\u00a0\u00bb||||false|false\u00a0\u00bb global_colors_info=\u00a0\u00bb{}\u00a0\u00bb]<\/p>\n<p>Kommen Sie mit<br \/> auf eine kontemplative Reise<br \/> auf einem Segelboot<br \/> auf einer Welle,<br \/> durch die Seelen<br \/> von Ozean und Passagieren.<\/p>\n<p>[\/et_pb_text][\/et_pb_column][\/et_pb_row][\/et_pb_section]<\/p>","protected":false},"excerpt":{"rendered":"<p>rara avis \u2013 trailer \u00a9 2020, mirjam landoltrara avis film documentaire de mirjam landolt, 2020 \u2605 projection le 13.11.2025 au NEU! \u00e0 Winterthur\u2605 en streaming sur dafilms.com et artfilm.chHD \/ couleur \/ 61 min.Australie, Papouasie-Nouvelle-Guin\u00e9e, \u00celes SalomonProduction VUE SUR MER FILMSSoutenu par le Werkbeitrag 2016 du Canton de Schwyz\u2605 S\u00e9lection 2020 : Visions du R\u00e9el, [&hellip;]<\/p>","protected":false},"author":1,"featured_media":0,"parent":0,"menu_order":0,"comment_status":"closed","ping_status":"closed","template":"","meta":{"_et_pb_use_builder":"on","_et_pb_old_content":"","_et_gb_content_width":"","footnotes":""},"class_list":["post-1638","page","type-page","status-publish","hentry"],"yoast_head":"<!-- This site is optimized with the Yoast SEO plugin v23.9 - https:\/\/yoast.com\/wordpress\/plugins\/seo\/ -->\n<title>rara avis - Mirjam Landolt<\/title>\n<meta name=\"description\" content=\"actualit\u00e9s \/ neuigkeiten \/ news de Mirjam Landolt. Bient\u00f4t sur les \u00e9crans : RARA AVIS, long-m\u00e9trage documentaire de Mirjam Landolt\" \/>\n<meta name=\"robots\" content=\"index, follow, max-snippet:-1, max-image-preview:large, max-video-preview:-1\" \/>\n<link rel=\"canonical\" href=\"https:\/\/mirjamlandolt.com\/de\/rara-avis\/\" \/>\n<meta property=\"og:locale\" content=\"de_DE\" \/>\n<meta property=\"og:type\" content=\"article\" \/>\n<meta property=\"og:title\" content=\"rara avis - Mirjam Landolt\" \/>\n<meta property=\"og:description\" content=\"actualit\u00e9s \/ neuigkeiten \/ news de Mirjam Landolt. Bient\u00f4t sur les \u00e9crans : RARA AVIS, long-m\u00e9trage documentaire de Mirjam Landolt\" \/>\n<meta property=\"og:url\" content=\"https:\/\/mirjamlandolt.com\/de\/rara-avis\/\" \/>\n<meta property=\"og:site_name\" content=\"Mirjam Landolt\" \/>\n<meta property=\"article:modified_time\" content=\"2025-11-02T13:20:01+00:00\" \/>\n<meta name=\"twitter:card\" content=\"summary_large_image\" \/>\n<meta name=\"twitter:label1\" content=\"Gesch\u00e4tzte Lesezeit\" \/>\n\t<meta name=\"twitter:data1\" content=\"2\u00a0Minuten\" \/>\n<script type=\"application\/ld+json\" class=\"yoast-schema-graph\">{\"@context\":\"https:\/\/schema.org\",\"@graph\":[{\"@type\":\"WebPage\",\"@id\":\"https:\/\/mirjamlandolt.com\/rara-avis\/\",\"url\":\"https:\/\/mirjamlandolt.com\/rara-avis\/\",\"name\":\"rara avis - Mirjam Landolt\",\"isPartOf\":{\"@id\":\"https:\/\/mirjamlandolt.com\/#website\"},\"datePublished\":\"2020-09-01T11:04:58+00:00\",\"dateModified\":\"2025-11-02T13:20:01+00:00\",\"description\":\"actualit\u00e9s \/ neuigkeiten \/ news de Mirjam Landolt. Bient\u00f4t sur les \u00e9crans : RARA AVIS, long-m\u00e9trage documentaire de Mirjam Landolt\",\"breadcrumb\":{\"@id\":\"https:\/\/mirjamlandolt.com\/rara-avis\/#breadcrumb\"},\"inLanguage\":\"de-CH\",\"potentialAction\":[{\"@type\":\"ReadAction\",\"target\":[\"https:\/\/mirjamlandolt.com\/rara-avis\/\"]}]},{\"@type\":\"BreadcrumbList\",\"@id\":\"https:\/\/mirjamlandolt.com\/rara-avis\/#breadcrumb\",\"itemListElement\":[{\"@type\":\"ListItem\",\"position\":1,\"name\":\"Accueil\",\"item\":\"https:\/\/mirjamlandolt.com\/\"},{\"@type\":\"ListItem\",\"position\":2,\"name\":\"rara avis\"}]},{\"@type\":\"WebSite\",\"@id\":\"https:\/\/mirjamlandolt.com\/#website\",\"url\":\"https:\/\/mirjamlandolt.com\/\",\"name\":\"Mirjam Landolt\",\"description\":\"Portfolio\",\"potentialAction\":[{\"@type\":\"SearchAction\",\"target\":{\"@type\":\"EntryPoint\",\"urlTemplate\":\"https:\/\/mirjamlandolt.com\/?s={search_term_string}\"},\"query-input\":{\"@type\":\"PropertyValueSpecification\",\"valueRequired\":true,\"valueName\":\"search_term_string\"}}],\"inLanguage\":\"de-CH\"}]}<\/script>\n<!-- \/ Yoast SEO plugin. -->","yoast_head_json":{"title":"rara avis - Mirjam Landolt","description":"actualit\u00e9s \/ neuigkeiten \/ news de Mirjam Landolt. Bient\u00f4t sur les \u00e9crans : RARA AVIS, long-m\u00e9trage documentaire de Mirjam Landolt","robots":{"index":"index","follow":"follow","max-snippet":"max-snippet:-1","max-image-preview":"max-image-preview:large","max-video-preview":"max-video-preview:-1"},"canonical":"https:\/\/mirjamlandolt.com\/de\/rara-avis\/","og_locale":"de_DE","og_type":"article","og_title":"rara avis - Mirjam Landolt","og_description":"actualit\u00e9s \/ neuigkeiten \/ news de Mirjam Landolt. Bient\u00f4t sur les \u00e9crans : RARA AVIS, long-m\u00e9trage documentaire de Mirjam Landolt","og_url":"https:\/\/mirjamlandolt.com\/de\/rara-avis\/","og_site_name":"Mirjam Landolt","article_modified_time":"2025-11-02T13:20:01+00:00","twitter_card":"summary_large_image","twitter_misc":{"Gesch\u00e4tzte Lesezeit":"2\u00a0Minuten"},"schema":{"@context":"https:\/\/schema.org","@graph":[{"@type":"WebPage","@id":"https:\/\/mirjamlandolt.com\/rara-avis\/","url":"https:\/\/mirjamlandolt.com\/rara-avis\/","name":"rara avis - Mirjam Landolt","isPartOf":{"@id":"https:\/\/mirjamlandolt.com\/#website"},"datePublished":"2020-09-01T11:04:58+00:00","dateModified":"2025-11-02T13:20:01+00:00","description":"actualit\u00e9s \/ neuigkeiten \/ news de Mirjam Landolt. Bient\u00f4t sur les \u00e9crans : RARA AVIS, long-m\u00e9trage documentaire de Mirjam Landolt","breadcrumb":{"@id":"https:\/\/mirjamlandolt.com\/rara-avis\/#breadcrumb"},"inLanguage":"de-CH","potentialAction":[{"@type":"ReadAction","target":["https:\/\/mirjamlandolt.com\/rara-avis\/"]}]},{"@type":"BreadcrumbList","@id":"https:\/\/mirjamlandolt.com\/rara-avis\/#breadcrumb","itemListElement":[{"@type":"ListItem","position":1,"name":"Accueil","item":"https:\/\/mirjamlandolt.com\/"},{"@type":"ListItem","position":2,"name":"rara avis"}]},{"@type":"WebSite","@id":"https:\/\/mirjamlandolt.com\/#website","url":"https:\/\/mirjamlandolt.com\/","name":"Mirjam Landolt","description":"Portfolio","potentialAction":[{"@type":"SearchAction","target":{"@type":"EntryPoint","urlTemplate":"https:\/\/mirjamlandolt.com\/?s={search_term_string}"},"query-input":{"@type":"PropertyValueSpecification","valueRequired":true,"valueName":"search_term_string"}}],"inLanguage":"de-CH"}]}},"_links":{"self":[{"href":"https:\/\/mirjamlandolt.com\/de\/wp-json\/wp\/v2\/pages\/1638","targetHints":{"allow":["GET"]}}],"collection":[{"href":"https:\/\/mirjamlandolt.com\/de\/wp-json\/wp\/v2\/pages"}],"about":[{"href":"https:\/\/mirjamlandolt.com\/de\/wp-json\/wp\/v2\/types\/page"}],"author":[{"embeddable":true,"href":"https:\/\/mirjamlandolt.com\/de\/wp-json\/wp\/v2\/users\/1"}],"replies":[{"embeddable":true,"href":"https:\/\/mirjamlandolt.com\/de\/wp-json\/wp\/v2\/comments?post=1638"}],"version-history":[{"count":18,"href":"https:\/\/mirjamlandolt.com\/de\/wp-json\/wp\/v2\/pages\/1638\/revisions"}],"predecessor-version":[{"id":2395,"href":"https:\/\/mirjamlandolt.com\/de\/wp-json\/wp\/v2\/pages\/1638\/revisions\/2395"}],"wp:attachment":[{"href":"https:\/\/mirjamlandolt.com\/de\/wp-json\/wp\/v2\/media?parent=1638"}],"curies":[{"name":"wp","href":"https:\/\/api.w.org\/{rel}","templated":true}]}}